{"id":439,"date":"2023-02-24T13:33:31","date_gmt":"2023-02-24T12:33:31","guid":{"rendered":"https:\/\/www.ekuc.se\/wordpress\/?page_id=439"},"modified":"2023-03-13T20:40:04","modified_gmt":"2023-03-13T19:40:04","slug":"le","status":"publish","type":"page","link":"https:\/\/www.ekuc.se\/wordpress\/index.php\/le\/","title":{"rendered":"Letar ni efter kontorsplatser?"},"content":{"rendered":"\n<p><strong>Ekumeniska Centret erbjuder nya organisationer plats i kontorslokalerna. Ni b\u00f6r fungera inom ideell sektor och g\u00e4rna ha n\u00e5got samr\u00f6re med v\u00e5ra <a href=\"https:\/\/www.ekuc.se\/wordpress\/index.php\/organisationerna\/\">befintliga organisationer<\/a>.<\/strong>\u00a0<strong>Det g\u00e5r att hyra kontorsrum eller flexarbetsplatser f\u00f6r medarbetare. Centret har en serviceorganisation med reception, vaktm\u00e4steri och IT-service.<\/strong> <strong>S\u00f6k oss via e-postadress\u00a0<\/strong><em>kontakt at ekuc.se<\/em><strong><em>\u00a0<\/em>eller \u200bvia 08-586 240 0\u200b0.<\/strong><\/p>\n\n\n\n<figure class=\"wp-block-image size-full\"><img loading=\"lazy\" decoding=\"async\" width=\"400\" height=\"267\" src=\"https:\/\/www.ekuc.se\/wordpress\/wp-content\/uploads\/2021\/01\/konferens.jpg\" alt=\"\" class=\"wp-image-37\" srcset=\"https:\/\/www.ekuc.se\/wordpress\/wp-content\/uploads\/2021\/01\/konferens.jpg 400w, https:\/\/www.ekuc.se\/wordpress\/wp-content\/uploads\/2021\/01\/konferens-300x200.jpg 300w\" sizes=\"auto, (max-width: 400px) 100vw, 400px\" \/><\/figure>\n\n\n\n<h2 class=\"wp-block-heading\">Kontorsrum<\/h2>\n\n\n\n<figure class=\"wp-block-image size-full\"><img loading=\"lazy\" decoding=\"async\" width=\"400\" height=\"225\" src=\"https:\/\/www.ekuc.se\/wordpress\/wp-content\/uploads\/2023\/02\/Bla_rummet1.jpg\" alt=\"\" class=\"wp-image-444\"\/><\/figure>\n\n\n\n<p>Ni kan hyra ett eller flera rum samt utnyttja gemensamma lokaler s\u00e5som m\u00f6tesrum och lunchrum. Det finns m\u00e5nga olika storlekar p\u00e5 rum kontorsrum p\u00e5 centret.   <\/p>\n\n\n\n<h2 class=\"wp-block-heading\">Flexarbetsplatser<\/h2>\n\n\n\n<figure class=\"wp-block-image size-full\"><img loading=\"lazy\" decoding=\"async\" width=\"400\" height=\"225\" src=\"https:\/\/www.ekuc.se\/wordpress\/wp-content\/uploads\/2023\/02\/flexyta6x-1.jpg\" alt=\"\" class=\"wp-image-446\"\/><\/figure>\n\n\n\n<p>Det g\u00e5r \u00e4ven att hyra in sig p\u00e5 flexarbetsplatser samtidigt som ni har alla \u00f6vriga resurser. Alla flexmedarbetare f\u00e5r ett eget medarbetarsk\u00e5p och full tillg\u00e5ng till kontoret. <\/p>\n\n\n\n<h2 class=\"wp-block-heading\">\u00d6vriga tj\u00e4nster<\/h2>\n\n\n\n<p>Centret erbjuder de flesta kontorstj\u00e4nster som du kan beh\u00f6va, s\u00e5som administrerade anv\u00e4ndardatorer med service p\u00e5 plats, post- &amp; pakethantering, bemannad reception och telefonv\u00e4xel, konferensservice mm<\/p>\n\n\n\n<p>S\u00f6k oss via e-postadress&nbsp;<em><strong>kontakt at ekuc.se<\/strong>&nbsp;<\/em>eller \u200bvia 08-586 240 0\u200b0.<\/p>\n","protected":false},"excerpt":{"rendered":"<p>Ekumeniska Centret erbjuder nya organisationer plats i kontorslokalerna. Ni b\u00f6r fungera inom ideell sektor och g\u00e4rna ha n\u00e5got samr\u00f6re med v\u00e5ra befintliga organisationer.\u00a0Det g\u00e5r att hyra kontorsrum eller flexarbetsplatser f\u00f6r medarbetare. Centret har en serviceorganisation med reception, vaktm\u00e4steri och IT-service. S\u00f6k oss via e-postadress\u00a0kontakt at ekuc.se\u00a0eller \u200bvia 08-586 240 0\u200b0. Kontorsrum Ni kan hyra ett &hellip; <\/p>\n<p class=\"link-more\"><a href=\"https:\/\/www.ekuc.se\/wordpress\/index.php\/le\/\" class=\"more-link\">Forts\u00e4tt l\u00e4sa<span class=\"screen-reader-text\"> \u201dLetar ni efter kontorsplatser?\u201d<\/span><\/a><\/p>\n","protected":false},"author":2,"featured_media":0,"parent":0,"menu_order":0,"comment_status":"closed","ping_status":"closed","template":"","meta":{"footnotes":""},"class_list":["post-439","page","type-page","status-publish","hentry"],"_links":{"self":[{"href":"https:\/\/www.ekuc.se\/wordpress\/index.php\/wp-json\/wp\/v2\/pages\/439","targetHints":{"allow":["GET"]}}],"collection":[{"href":"https:\/\/www.ekuc.se\/wordpress\/index.php\/wp-json\/wp\/v2\/pages"}],"about":[{"href":"https:\/\/www.ekuc.se\/wordpress\/index.php\/wp-json\/wp\/v2\/types\/page"}],"author":[{"embeddable":true,"href":"https:\/\/www.ekuc.se\/wordpress\/index.php\/wp-json\/wp\/v2\/users\/2"}],"replies":[{"embeddable":true,"href":"https:\/\/www.ekuc.se\/wordpress\/index.php\/wp-json\/wp\/v2\/comments?post=439"}],"version-history":[{"count":6,"href":"https:\/\/www.ekuc.se\/wordpress\/index.php\/wp-json\/wp\/v2\/pages\/439\/revisions"}],"predecessor-version":[{"id":450,"href":"https:\/\/www.ekuc.se\/wordpress\/index.php\/wp-json\/wp\/v2\/pages\/439\/revisions\/450"}],"wp:attachment":[{"href":"https:\/\/www.ekuc.se\/wordpress\/index.php\/wp-json\/wp\/v2\/media?parent=439"}],"curies":[{"name":"wp","href":"https:\/\/api.w.org\/{rel}","templated":true}]}}